{"id":4791,"date":"2025-10-01T13:36:57","date_gmt":"2025-10-01T11:36:57","guid":{"rendered":"https:\/\/shop.kappavu.it\/KV\/?post_type=product&#038;p=4791"},"modified":"2026-04-10T19:18:56","modified_gmt":"2026-04-10T17:18:56","slug":"porzus-1945","status":"publish","type":"product","link":"https:\/\/shop.kappavu.it\/KV\/prodotto\/porzus-1945\/","title":{"rendered":"PORZ\u00dbS 1945"},"content":{"rendered":"<h4><\/h4>\n<h4>Sul \u201cconfine orientale\u201d si sono intersecati i principali nodi della Seconda guerra mondiale e della successiva Guerra fredda, anzi la vicenda di Porz\u00fbs ne \u00e8 stata un\u2019anticipazione a guerra calda ancora in corso. \u00c8 stata presentata poi come la giustificazione di Gladio, mentre ne \u00e8 la sua prima manifestazione: tecniche d\u2019infiltrazione, segretezza, false flag, manipolazione propagandistica e poliziesca, convivono qui in un trait d\u2019union fra i mezzi e fini che erano stati del fascismo e quelli che saranno dell\u2019atlantismo. Un filo che ci porta ad anni pi\u00f9 recenti, a nomi e organizzazioni della strategia della tensione che ha insanguinato l\u2019Italia nel dopoguerra: Borghese, Sogno, De Lorenzo, Angleton, e oltre, fino alla P2. Mezzi e strategie di guerra psicologica e \u201ccontrorivoluzionaria\u201d per combattere il partito comunista e l\u2019afflato di cambiamento che era emerso dalla lotta di Resistenza.<br \/>\nRivelare i modi, sottili ma anche grossolani ed arroganti, in cui i \u201cfascisti di sempre\u201d, aristocratici e borghesi spalleggiati da polizie e servizi segreti, sono riusciti e riescono ad ingannare un\u2019opinione pubblica sempre pi\u00f9 disattenta alla profondit\u00e0 e complessit\u00e0 della Storia, \u00e8 lo scopo di questo libro. Sottigliezze e grossolanit\u00e0 che, sostenute da decenni di fake news storiche, sono diventate la \u201cverit\u00e0 rivelata\u201d della \u201cminaccia\u201d comunista, e per disvelarne la falsit\u00e0 ci sono volute una lunga indagine storica e pi\u00f9 di mille pagine. Ma basteranno?<\/h4>\n<p><strong><span style=\"color: #800000;\"><em>Anni \u201950. In piena guerra fredda, un processo a 52 partigiani, operai e contadini friulani. Un processo anticomunista, gestito dai governi democristiani, in un Paese sottoposto alla \u201csovranit\u00e0 limitata\u201d atlantica. \u00c8 solo una triste storia da relegare nel passato?<\/em><\/span><\/strong><br \/>\n<strong><span style=\"color: #800000;\"><em>Gli storici e i politici italiani in tutto il dopoguerra hanno dato per certa la versione dei fatti sancita dai giudici del tempo: a Porz\u00fbs un gruppo di gappisti comunisti \u201cfilotitini\u201d e traditori ha ucciso un gruppo di partigiani \u201cbianchi\u201d difensori del confine orientale d\u2019Italia. Ma le cose sono andate proprio cos\u00ec? Purtroppo anche il mondo antifascista non ha messo sostanzialmente in discussione questa narrazione, forse costretto sulla difensiva in tutto il dopoguerra da un rinato mondo antipartigiano particolarmente aggressivo e dotato di mezzi potenti di propaganda e persuasione. E, soprattutto dagli anni Novanta, tanti politici di sinistra e istituti storici hanno lasciato il campo ai Pirina, cio\u00e8 alla versione neofascista delle vicende resistenziali, e ai Pansa, cio\u00e8 alla versione degli antifascisti un po\u2019 pentiti di esserlo stati, ovvero di aver fatto la Resistenza con i comunisti.<\/em><\/span><\/strong><br \/>\n<strong><span style=\"color: #800000;\"><em>La mia inchiesta storica parte dalla consapevolezza che di fronte alla propaganda \u201ceterna\u201d intorno alla vicenda di Porz\u00fbs era necessario andare \u201ca vedere le carte\u201d, verificare tutti i passaggi, dallo svolgimento dei fatti al comportamento di tutti i soggetti in campo. Ci\u00f2 che ne \u00e8 emerso \u00e8 qualcosa di completamente diverso da quanto narrato dal mainstream giornalistico e anche storiografico. Il re ora \u00e8 nudo. Demistificare la narrazione di Porz\u00fbs \u00e8 emblematicamente importante per l\u2019oggi. Non \u00e8 mai tardi per ricominciare una strenua battaglia storica. Ce n\u2019\u00e8 bisogno. Lo vediamo ormai ogni giorno.\u00a0 <\/em><span style=\"color: #800000;\">(<\/span>Alessandra Kersevan)<\/span><\/strong><\/p>\n<h4><\/h4>\n<p>&nbsp;<\/p>\n","protected":false},"excerpt":{"rendered":"<h4><span style=\"color: #800000;\">PROVE DI GLADIO SUL CONFINE ORIENTALE. L&#8217;ULTIMA INCHIESTA<\/span><\/h4>\n<h4>di <strong><a href=\"http:\/\/shop.kappavu.it\/KV\/autori-al\/#alessandra-kersevan\">ALESSANDRA KERSEVAN<\/a><\/strong><\/h4>\n<p><strong>Cos\u2019\u00e8 accaduto sul Topli Uorch il 7 febbraio 1945? Si \u00e8 trattato solo di un gruppo <\/strong><strong>di \u201ctraditori\u201d comunisti che hanno ucciso un gruppo di osovani \u201cpatriottici\u201d, come <\/strong><strong>vuole la vulgata propagandistica da ottant\u2019anni a questa parte?<\/strong><br \/>\n<strong>Trent\u2019anni dopo <em>Porz\u00fbs. Dialoghi sopra un processo da rifare<\/em> Alessandra Kersevan <\/strong><strong>dipana una matassa documentaria in una ricerca storica a tutto campo che finalmente <\/strong><strong>indaga non solo il comportamento di garibaldini e partigiani \u201ctitini\u201d, ma anche i <\/strong><strong>contemporanei progetti palesi ed occulti delle altre forze in campo: resistenza <\/strong><strong>\u201cbianca\u201d, fascisti della RSI, Xa Mas e nazisti in cerca di salvezza, monarchia sabauda, <\/strong><strong>ministeri del governo del Sud, CLN e CVL al Nord, servizi segreti italiani e <\/strong><strong>tedeschi, inglesi e americani. Un\u2019inchiesta da cui emerge che il fatto di Porz\u00fbs non <\/strong><strong>\u00e8 semplicemente una vicenda locale friulana di confine ma un primo episodio <\/strong><strong>dell\u2019attivit\u00e0 sotterranea di quel \u201cfronte unico\u201d antigaribaldino e antislavo a cui <\/strong><strong>molte di queste forze stavano lavorando.<\/strong><\/p>\n","protected":false},"featured_media":4792,"comment_status":"open","ping_status":"closed","template":"","meta":[],"product_brand":[],"product_cat":[46,20,19],"product_tag":[1175,1584,529,535,385,2904,672,2901,2907,2906,1143,2903,1440,2905,2909,2506,790,1218,2911,2910,2912,2908,2900,1598,758,286,371,288,446,2902,2185],"class_list":{"0":"post-4791","1":"product","2":"type-product","3":"status-publish","4":"has-post-thumbnail","6":"product_cat-alessandra-kersevan","7":"product_cat-resistenza_storica","8":"product_cat-storia","9":"product_tag-adriatisches-kustenland","10":"product_tag-aggressione-alla-jugoslavia","11":"product_tag-alessandra-kersevan","12":"product_tag-autrice-friulana","13":"product_tag-autrici-friulane","14":"product_tag-bolla","15":"product_tag-confine-orientale","16":"product_tag-eccidio-di-porzus","17":"product_tag-elda-turchetti","18":"product_tag-enea","19":"product_tag-fascismo-in-friuli","20":"product_tag-francesco-de-gregori-bolla","21":"product_tag-gap","22":"product_tag-gastone-valente","23":"product_tag-giacca","24":"product_tag-gladio","25":"product_tag-guerra-fredda","26":"product_tag-invasione-della-jugoslavia","27":"product_tag-junio-valerio-borghese","28":"product_tag-mario-toffanin","29":"product_tag-partigiani-comunisti","30":"product_tag-partigiani-gappisti","31":"product_tag-porzus","32":"product_tag-repressione-fascista","33":"product_tag-resistenza","34":"product_tag-resistenza-friulana","35":"product_tag-resistenza-jugoslava","36":"product_tag-seconda-guerra-mondiale","37":"product_tag-seconda-guerra-mondiale-in-friuli","38":"product_tag-strage-di-porzus","39":"product_tag-strategia-della-tensione","41":"first","42":"instock","43":"shipping-taxable","44":"purchasable","45":"product-type-simple","46":"customify-col","47":"product-has-gallery"},"_links":{"self":[{"href":"https:\/\/shop.kappavu.it\/KV\/wp-json\/wp\/v2\/product\/4791","targetHints":{"allow":["GET"]}}],"collection":[{"href":"https:\/\/shop.kappavu.it\/KV\/wp-json\/wp\/v2\/product"}],"about":[{"href":"https:\/\/shop.kappavu.it\/KV\/wp-json\/wp\/v2\/types\/product"}],"replies":[{"embeddable":true,"href":"https:\/\/shop.kappavu.it\/KV\/wp-json\/wp\/v2\/comments?post=4791"}],"wp:featuredmedia":[{"embeddable":true,"href":"https:\/\/shop.kappavu.it\/KV\/wp-json\/wp\/v2\/media\/4792"}],"wp:attachment":[{"href":"https:\/\/shop.kappavu.it\/KV\/wp-json\/wp\/v2\/media?parent=4791"}],"wp:term":[{"taxonomy":"product_brand","embeddable":true,"href":"https:\/\/shop.kappavu.it\/KV\/wp-json\/wp\/v2\/product_brand?post=4791"},{"taxonomy":"product_cat","embeddable":true,"href":"https:\/\/shop.kappavu.it\/KV\/wp-json\/wp\/v2\/product_cat?post=4791"},{"taxonomy":"product_tag","embeddable":true,"href":"https:\/\/shop.kappavu.it\/KV\/wp-json\/wp\/v2\/product_tag?post=4791"}],"curies":[{"name":"wp","href":"https:\/\/api.w.org\/{rel}","templated":true}]}}