{"id":2297,"date":"2022-04-09T14:28:28","date_gmt":"2022-04-09T12:28:28","guid":{"rendered":"https:\/\/shop.kappavu.it\/KV\/?post_type=product&#038;p=2297"},"modified":"2022-05-25T23:28:03","modified_gmt":"2022-05-25T21:28:03","slug":"il-cjaf-dai-furlans","status":"publish","type":"product","link":"https:\/\/shop.kappavu.it\/KV\/prodotto\/il-cjaf-dai-furlans\/","title":{"rendered":"IL CJ\u00c2F DAI FURLANS"},"content":{"rendered":"<h4><\/h4>\n<h4>Une racuelte di scrits peade a salt intes tematichis di fonde. La prime e met a f\u00fbc l&#8217;inter\u00e8s pal lenga\u00e7; la seconde, vierte dal studi sul \u00e7urviel bileng\u00e2l dai furlans, e je marcade di opinions vivarosis su lis cuistions che a sticin il dibatit cultur\u00e2l in Fri\u00fbl e la tierce che e met a confront in m\u00fbt brilant argoments dissiplinars e interdissiplinars. Un apel, impost\u00e2t cun clarece radic\u00e2l, a la reintegrazion dal individui e a la molteplicit\u00e2t des culturis.<\/h4>\n<h4><em>Mario Turello (de Prefazion a la prime edizion)<\/em><\/h4>\n<p>&nbsp;<\/p>\n<h4>La neurolinguistiche e je in st\u00e2t di spieg\u00e2, suntune salde fonde biologjiche e neurologjiche, grant part dal compuartament cultur\u00e2l e de dinamiche des diferencis cultur\u00e2ls jenfri i popui, comprindude l&#8217;aspirazion dai popui a l&#8217;autoguvi\u00ear (fin a lis formis patologjichis dal nazionalisim e dal razisim). Un dai aspiets plui interessants di chest libri al \u00e8 la spiegazion, dassen sientifiche, dal parc\u00e8 che la moltiplicit\u00e2t des lenghis e je une ricjece. Un pont impuartant, ancje in tiermins politics, par chei che a vivin tune tiere &#8211; come il Fri\u00fbl &#8211; l\u00e0 che si \u00e8 puars di dut, f\u00fbr che di variet\u00e2t des lenghis feveladis. Nol \u00e8 ciert un c\u00e2s se il Fri\u00fbl, oltri a v\u00ea une grande variet\u00e2t cultur\u00e2l umane, al \u00e8 ancje la zone de Europe cu la massime variet\u00e2t biologjiche pes plantis e pai nem\u00e2i. Ma parc\u00e8 propit il cj\u00e2f dai furlans? Isal cuss\u00ec speci\u00e2l il cj\u00e2f dai furlans di meret\u00e2 un trat\u00e2t di neurologjie ad hoc? Par Franc Fari lis formis cultur\u00e2ls umanis a \u00e0n lis l\u00f4r lidr\u00ees ultimis te biologjie dal \u00e7urviel &#8211; l&#8217;orghin che al elabore la nestre vision dal mont &#8211; e duncje i elements essenzi\u00e2i de culture furlane a puedin jessi esplic\u00e2ts, tal l\u00f4r disvilup storic-critic, su la fonde de neurologjie.<\/h4>\n<h4><em>Sergio Cecotti<\/em><\/h4>\n<p>&nbsp;<\/p>\n","protected":false},"excerpt":{"rendered":"<h4><span style=\"color: #800000;\"><em>NEUROPSICOLOGJIE DAI SINTIMENTS<\/em><\/span><\/h4>\n<p>&nbsp;<\/p>\n<h4>di <strong><a href=\"http:\/\/shop.kappavu.it\/KV\/autori-al\/#franc-fari\">FRANC FARI<\/a><\/strong><\/h4>\n<p><strong>II cj\u00e2f dai furlans di Franc Fari al \u00e8 st\u00e2t il prin v\u00ear libri sientific scrit par furlan ma al sar\u00e8s un libri fondament\u00e2l in cualsisei lenghe. Chest parc\u00e8 che al presente, intun lenga\u00e7 prec\u00ees ma comprensibil, i princip\u00e2i risult\u00e2ts di une sience zovine, la neurolinguistiche, che e sta deventant simpri plui fondament\u00e2l par cap\u00ee l&#8217;umanit\u00e2t.<\/strong><\/p>\n<h5><strong><span style=\"color: #800000;\">Progjet editori\u00e2l e adatament linguistic di <a style=\"color: #800000;\" href=\"http:\/\/shop.kappavu.it\/KV\/autori-mz\/#paolo-cantarutti\">PAULI CANTARUT<\/a><\/span><\/strong><\/h5>\n<p>&nbsp;<\/p>\n","protected":false},"featured_media":2298,"comment_status":"open","ping_status":"closed","template":"","meta":[],"product_brand":[],"product_cat":[134,21,30],"product_tag":[2619,2615,2616,2620,2621,1374,2617,2618,2381,2382,2622,2624,2623,2625],"class_list":{"0":"post-2297","1":"product","2":"type-product","3":"status-publish","4":"has-post-thumbnail","6":"product_cat-franc-fari","7":"product_cat-friulano","8":"product_cat-saggistica","9":"product_tag-cervello-dei-friulani","10":"product_tag-franc-fari","11":"product_tag-franco-fabbro","12":"product_tag-libri-sientific-par-furlan","13":"product_tag-libro-scientifico-in-friulano","14":"product_tag-mario-turello","15":"product_tag-neurolinguistica","16":"product_tag-neurolinguistiche","17":"product_tag-paolo-cantarutti","18":"product_tag-pauli-cantarut","19":"product_tag-scienza-in-friulano","20":"product_tag-sergio-cecotti","21":"product_tag-sience-par-furlan","22":"product_tag-siencis-cognitivis","24":"first","25":"outofstock","26":"shipping-taxable","27":"purchasable","28":"product-type-simple","29":"customify-col"},"_links":{"self":[{"href":"https:\/\/shop.kappavu.it\/KV\/wp-json\/wp\/v2\/product\/2297","targetHints":{"allow":["GET"]}}],"collection":[{"href":"https:\/\/shop.kappavu.it\/KV\/wp-json\/wp\/v2\/product"}],"about":[{"href":"https:\/\/shop.kappavu.it\/KV\/wp-json\/wp\/v2\/types\/product"}],"replies":[{"embeddable":true,"href":"https:\/\/shop.kappavu.it\/KV\/wp-json\/wp\/v2\/comments?post=2297"}],"wp:featuredmedia":[{"embeddable":true,"href":"https:\/\/shop.kappavu.it\/KV\/wp-json\/wp\/v2\/media\/2298"}],"wp:attachment":[{"href":"https:\/\/shop.kappavu.it\/KV\/wp-json\/wp\/v2\/media?parent=2297"}],"wp:term":[{"taxonomy":"product_brand","embeddable":true,"href":"https:\/\/shop.kappavu.it\/KV\/wp-json\/wp\/v2\/product_brand?post=2297"},{"taxonomy":"product_cat","embeddable":true,"href":"https:\/\/shop.kappavu.it\/KV\/wp-json\/wp\/v2\/product_cat?post=2297"},{"taxonomy":"product_tag","embeddable":true,"href":"https:\/\/shop.kappavu.it\/KV\/wp-json\/wp\/v2\/product_tag?post=2297"}],"curies":[{"name":"wp","href":"https:\/\/api.w.org\/{rel}","templated":true}]}}