{"id":1732,"date":"2022-03-10T20:38:05","date_gmt":"2022-03-10T19:38:05","guid":{"rendered":"https:\/\/shop.kappavu.it\/KV\/?post_type=product&#038;p=1732"},"modified":"2025-03-12T14:44:38","modified_gmt":"2025-03-12T13:44:38","slug":"memoriis-di-politiche-linguistiche","status":"publish","type":"product","link":"https:\/\/shop.kappavu.it\/KV\/prodotto\/memoriis-di-politiche-linguistiche\/","title":{"rendered":"MEMORIIS DI POLITICHE LINGUISTICHE"},"content":{"rendered":"<h4><\/h4>\n<h4 class=\"p1\">Che lis identit\u00e2ts a comunichedin, e je une\u00a0biele robe. Che al sedi une biele robe ancje che a\u00a0sparedin la plui part, ch\u00eas che no son funzion\u00e2ls\u00a0intun mont di funzionalit\u00e2t marcant\u00eel gjeneralizade,\u00a0no je mai stade par me une biele robe. No si\u00a0vuadagne nuie e si piert une vore. E si ofint la\u00a0civilt\u00e2t. A impar\u00e2 une altre lenghe si vuadagne, a\u00a0cap\u00eendi la identit\u00e2t cultur\u00e2l storiche si vuadagne, ma\u00a0a pierdi la proprie, ch\u00ea che nus lee ae nestre identit\u00e2t\u00a0storiche, si piert e vonde. Chel che si vuadagne\u00a0al \u00e8 in gjenar la ignorance di se, des lidr\u00ees propriis, e\u00a0une disponibilit\u00e2t acritiche a ogni conformisim\u00a0cultur\u00e2l di importazion. La civilt\u00e2t umanistiche e da\u00a0val\u00f4r aes espressions umanis, e met il l\u00f4r signific\u00e2t\u00a0intune proiezion univers\u00e2l, ma lis v\u00fbl te concretece\u00a0storiche che a son nassudis, ch\u00ea che e je identit\u00e2t.<\/h4>\n<h4 class=\"p1\">Se a son autentichis, a \u00e0n di vign\u00ee di une identit\u00e2t\u00a0profonde, no de omologazion funzion\u00e2l. Cun chestis\u00a0ideis o soi part\u00eet che a son cuasi cincuante agns\u00a0prin, de fin dai agns 60, par une bataie umanistiche\u00a0e dal dirit, pe m\u00ea Tiere, pe m\u00ea int, par dut ce che o\u00a0ai am\u00e2t, par m\u00ea fie, par me.<\/h4>\n<h4 class=\"p1\">Cum\u00f2, a mi, mi reste la memorie di ce che o ai fat.<\/h4>\n<p>&nbsp;<\/p>\n","protected":false},"excerpt":{"rendered":"<p>&nbsp;<\/p>\n<h4>di <strong><a href=\"http:\/\/shop.kappavu.it\/KV\/autori-al\/#adrian-cescje\">ADRIAN CESCJE<\/a><\/strong><\/h4>\n<p class=\"p1\"><strong>\u2026 Al \u00e8 un memore\u00e2 e un cus\u00ee sbrendui di scrituris\u00a0sepulidis sot des tantis cjartis che, come tes stratificazions\u00a0gjeologjichis dai crets des nestris monts, mi\u00a0contin di etis passadis de m\u00ea vite. In chestis Memoriis\u00a0o ripuarti bocons di diari e di riflessions che tai\u00a0agns o vevi metudis j\u00f9, massime in ocasion di\u00a0events che o sintivi impuartants e che o fasevi in\u00a0forme discontinue, no sistematiche. Cum\u00f2, la\u00a0Memorie lis da dongje intune prospetive unitarie,\u00a0compagn che lis fueis de Sierade, che a colin s\u00ec j\u00f9\u00a0dai rama\u00e7s sparni\u00e7adis, a c\u00e2s, ma che il lunc vi\u00e2l l\u00e0\u00a0che si poin ur da prospetive, strenzintsi viers il pont\u00a0di fughe\u2026<\/strong><\/p>\n<p>&nbsp;<\/p>\n","protected":false},"featured_media":1514,"comment_status":"open","ping_status":"closed","template":"","meta":[],"product_brand":[],"product_cat":[81,21,30],"product_tag":[1312,1313,551,376,528,1314,1315,1316,1186,1317,1318],"class_list":{"0":"post-1732","1":"product","2":"type-product","3":"status-publish","4":"has-post-thumbnail","6":"product_cat-adrian-cescje","7":"product_cat-friulano","8":"product_cat-saggistica","9":"product_tag-adrian-cescje","10":"product_tag-adriano-ceschia","11":"product_tag-autore-friulano","12":"product_tag-autori-friulani","13":"product_tag-friulano","14":"product_tag-lenghe-furlane","15":"product_tag-memoriis","16":"product_tag-movimento-friuli","17":"product_tag-parole-perdute","18":"product_tag-tutela-lingua-friulana","19":"product_tag-tutela-lingue-di-minoranza","21":"first","22":"instock","23":"sale","24":"shipping-taxable","25":"purchasable","26":"product-type-simple","27":"customify-col"},"_links":{"self":[{"href":"https:\/\/shop.kappavu.it\/KV\/wp-json\/wp\/v2\/product\/1732","targetHints":{"allow":["GET"]}}],"collection":[{"href":"https:\/\/shop.kappavu.it\/KV\/wp-json\/wp\/v2\/product"}],"about":[{"href":"https:\/\/shop.kappavu.it\/KV\/wp-json\/wp\/v2\/types\/product"}],"replies":[{"embeddable":true,"href":"https:\/\/shop.kappavu.it\/KV\/wp-json\/wp\/v2\/comments?post=1732"}],"wp:featuredmedia":[{"embeddable":true,"href":"https:\/\/shop.kappavu.it\/KV\/wp-json\/wp\/v2\/media\/1514"}],"wp:attachment":[{"href":"https:\/\/shop.kappavu.it\/KV\/wp-json\/wp\/v2\/media?parent=1732"}],"wp:term":[{"taxonomy":"product_brand","embeddable":true,"href":"https:\/\/shop.kappavu.it\/KV\/wp-json\/wp\/v2\/product_brand?post=1732"},{"taxonomy":"product_cat","embeddable":true,"href":"https:\/\/shop.kappavu.it\/KV\/wp-json\/wp\/v2\/product_cat?post=1732"},{"taxonomy":"product_tag","embeddable":true,"href":"https:\/\/shop.kappavu.it\/KV\/wp-json\/wp\/v2\/product_tag?post=1732"}],"curies":[{"name":"wp","href":"https:\/\/api.w.org\/{rel}","templated":true}]}}